{"id":223414,"date":"2023-06-01T18:52:14","date_gmt":"2023-06-01T16:52:14","guid":{"rendered":"https:\/\/pia-y-pablo.de\/gtc\/"},"modified":"2024-02-04T10:21:29","modified_gmt":"2024-02-04T09:21:29","slug":"gtc","status":"publish","type":"page","link":"https:\/\/pia-y-pablo.de\/es\/gtc\/","title":{"rendered":"GTC"},"content":{"rendered":"<p>[et_pb_section fb_built=\u00bb1&#8243; _builder_version=\u00bb4.21.0&#8243; _module_preset=\u00bbdefault\u00bb global_colors_info=\u00bb{}\u00bb][et_pb_row _builder_version=\u00bb4.21.0&#8243; _module_preset=\u00bbdefault\u00bb global_colors_info=\u00bb{}\u00bb][et_pb_column type=\u00bb4_4&#8243; _builder_version=\u00bb4.21.0&#8243; _module_preset=\u00bbdefault\u00bb global_colors_info=\u00bb{}\u00bb][et_pb_text _builder_version=\u00bb4.21.0&#8243; _module_preset=\u00bbdefault\u00bb hover_enabled=\u00bb0&#8243; global_colors_info=\u00bb{}\u00bb header_font=\u00bb||||||||\u00bb sticky_enabled=\u00bb0&#8243;]<\/p>\n<h1>Catering AGB<\/h1>\n<p>[\/et_pb_text][et_pb_text _builder_version=\u00bb4.21.0&#8243; _module_preset=\u00bbdefault\u00bb global_colors_info=\u00bb{}\u00bb]<\/p>\n<p><strong>1. celebraci\u00f3n del contrato<\/strong><br \/>Todas las ofertas de Pia Y Pablo Catering son vinculantes hasta la fecha de validez especificada. Al realizar un pedido, el cliente acepta la oferta, que Pia Y Pablo Catering acepta al prestar el servicio. Al realizar un pedido, el cliente confirma que ha le\u00eddo las Condiciones Generales y las acepta.<\/p>\n<p><strong>2. \u00e1mbito de aplicaci\u00f3n<\/strong><br \/>Las ofertas, entregas y servicios de Pia Y Pablo Catering se prestan exclusivamente sobre la base de las presentes Condiciones Generales. Los t\u00e9rminos y condiciones son parte integrante de todos los contratos que celebramos con nuestros clientes. Las condiciones divergentes de nuestros clientes no formar\u00e1n parte del contrato a menos que las aceptemos por escrito en casos concretos.<\/p>\n<p><strong>3. protecci\u00f3n de datos\/almacenamiento de datos<\/strong><br \/>Para el tratamiento de los datos de los clientes, en particular la recogida, el uso y el tratamiento, puede consultarse en nuestro sitio web la informaci\u00f3n especial sobre protecci\u00f3n de datos de conformidad con los art\u00edculos 13, 14 y 21 del GDPR. Se almacenan los datos personales de nuestros clientes necesarios para la tramitaci\u00f3n de los pedidos. El cliente declara por la presente su consentimiento expreso. Por supuesto, todos los datos personales se tratar\u00e1n de forma confidencial.<\/p>\n<p><strong>4. precios<\/strong><br \/>Para los clientes comerciales o empresarios, todos los precios de la comida est\u00e1n sujetos a un 7 % de IVA adicional, y los de las bebidas y el servicio (por ejemplo, equipamiento, reparto, personal, etc.), a un 19 % de IVA adicional. Los precios brutos acordados para personas f\u00edsicas no comerciales incluyen el IVA legal. Nos reservamos el derecho a realizar cambios en los precios y servicios, as\u00ed como a errores. Se aplicar\u00e1 el tipo de IVA vigente en la fecha de facturaci\u00f3n.<\/p>\n<p><strong>5. pedido y alcance de los servicios<\/strong><br \/>La selecci\u00f3n de productos, la cantidad de productos y otros servicios acordados comunicados por el cliente quedan por la presente definitivamente acordados y, por tanto, contractualmente vinculantes. Este acuerdo determina el alcance de nuestros servicios y, por tanto, el precio. Un cambio posterior modifica el alcance de nuestros servicios y el precio. Dicha modificaci\u00f3n s\u00f3lo es posible si la aceptamos por escrito o si efectivamente prestamos los servicios adicionales solicitados por el cliente. Si necesita personal de servicio, equipos adicionales de terceros o pedidos extensos y especialmente elaborados con peticiones especiales, comun\u00edquenoslo lo antes posible.<\/p>\n<p><strong>6. entrega<\/strong><br \/>Se enviar\u00e1 a la direcci\u00f3n de entrega especificada por el cliente en la fecha de entrega acordada. Los plazos de entrega se acuerdan individualmente y pueden realizarse de lunes a domingo. La entrega se realiza seg\u00fan nuestro leal saber y entender y de conformidad con la normativa legal pertinente. Si no podemos hacerlo en casos concretos por razones de tr\u00e1fico o meteorol\u00f3gicas, el cliente nos conceder\u00e1 una tolerancia de 60 minutos. El cliente deber\u00e1 informar a Pia Y Pablo Catering de cualquier particularidad relacionada con el lugar de entrega (por ejemplo, obras, mercados, largas distancias, escaleras de m\u00e1s de 3 plantas, ascensores que no funcionen) al realizar el pedido para que Pia Y Pablo Catering pueda tomar las medidas necesarias en cuanto a tiempo y organizaci\u00f3n.<\/p>\n<p><strong>7 Transferencia del riesgo y garant\u00eda<\/strong><\/p>\n<p>7.1 En la medida en que la aceptaci\u00f3n sea un requisito previo para la entrega de los alimentos fabricados por nosotros, el momento de la aceptaci\u00f3n ser\u00e1 determinante para la transferencia del riesgo a la parte contratante. Si la parte contratante no acepta el trabajo dentro de un plazo razonable especificado por nosotros, aunque est\u00e9 obligada a hacerlo, esto se considerar\u00e1 equivalente a la aceptaci\u00f3n.<\/p>\n<p>7.2 Para los derechos de la parte contratante en caso de defectos materiales y de titularidad se aplicar\u00e1n las disposiciones legales, a menos que se estipule lo contrario en las condiciones. Si el comprador es un consumidor, Pia Y Pablo Catering s\u00f3lo ser\u00e1 responsable de los da\u00f1os materiales causados por negligencia y de los perjuicios econ\u00f3micos en caso de incumplimiento de una obligaci\u00f3n contractual esencial, pero limitados a la cuant\u00eda de los da\u00f1os previsibles y t\u00edpicos del contrato en el momento de la celebraci\u00f3n del mismo. Esto tambi\u00e9n se aplica a los incumplimientos negligentes del deber por parte de empleados, trabajadores, representantes o auxiliares ejecutivos de Pia Y Pablo Catering.<\/p>\n<p>7.3 Si la parte contratante no es un consumidor, sus reclamaciones por defectos presuponen que cumple con sus obligaciones de inspecci\u00f3n y reclamaci\u00f3n (\u00a7\u00a7 377, 381 p\u00e1rrafo 2 HGB). La parte contratante est\u00e1 obligada a inspeccionar los bienes entregados inmediatamente despu\u00e9s de la entrega y a notificarnos inmediatamente por escrito cualquier defecto. Los defectos notificados fuera de plazo no ser\u00e1n tenidos en cuenta por nosotros y quedar\u00e1n excluidos de nuestra responsabilidad.<\/p>\n<p><strong>8. pago<\/strong><\/p>\n<p>8.1 En el momento de realizar el pedido, pero a m\u00e1s tardar 30 d\u00edas laborables antes del inicio del evento, podremos facturar un tercio de los costes calculados en concepto de anticipo. El importe restante se facturar\u00e1 despu\u00e9s del evento, teniendo en cuenta los consumibles que deban facturarse.<\/p>\n<p>8.2 La direcci\u00f3n de facturaci\u00f3n final y la informaci\u00f3n adicional relacionada con la factura, como n\u00fameros de pedido, n\u00fameros de orden de pedido, etc., deben facilitarse en el momento de realizar el pedido. La tramitaci\u00f3n posterior de la factura emitida y enviada conllevar\u00e1 unos gastos de tramitaci\u00f3n adicionales de 25 euros (netos).<\/p>\n<p>8.3 El plazo de pago es de 7 d\u00edas tras la facturaci\u00f3n<\/p>\n<p>8.4 El pago de la factura deber\u00e1 efectuarse mediante transferencia bancaria. Consulte los datos bancarios en la factura.<\/p>\n<p>8.5 En casos excepcionales, es posible el pago con tarjeta de cr\u00e9dito o d\u00e9bito, pero s\u00f3lo si se ha acordado previamente con Pia Y Pablo Catering. Este tipo de pago s\u00f3lo es posible in situ en el evento o en persona en la oficina.<\/p>\n<p><strong>9. cancelaci\u00f3n, no cobro e imposibilidad de entrega<\/strong><\/p>\n<p>9.1 La cancelaci\u00f3n \/ rescisi\u00f3n del contrato s\u00f3lo es posible por causa justificada.<\/p>\n<p>9.2 Si un contrato es rescindido o cancelado por el cliente sin causa justificada o por una de las partes contratantes por razones de las que el cliente es responsable, cobraremos los siguientes costes de cancelaci\u00f3n para cubrir nuestros gastos\/costes:<br \/>Valor del pedido hasta 2500 \u20ac (neto)<br \/>30 d\u00edas antes del inicio del evento 65 % del importe del contrato<br \/>15 d\u00edas antes del inicio del evento 85 % del importe del contrato<br \/>10 d\u00edas antes del inicio del evento 95 % del importe del contrato<br \/>Valor del pedido a partir de 2500\u20ac (neto)<br \/>90 d\u00edas antes del inicio del evento 65 % del importe del contrato<br \/>30 d\u00edas antes del inicio del evento 85 % del importe del contrato<br \/>15 d\u00edas antes del inicio del evento 95 % del importe del contrato<br \/>Todos los pedidos anulados el mismo d\u00eda se cobrar\u00e1n al 100% del coste.<br \/>En la medida en que Pia Y Pablo Catering adquiera equipos t\u00e9cnicos o de otro tipo de terceros para el cliente o alquile locales, Pia Y Pablo Catering actuar\u00e1 en nombre y por cuenta del cliente. En este caso, se aplicar\u00e1n las condiciones de cancelaci\u00f3n del arrendador y Pia Y Pablo Catering podr\u00e1 repercutir al cliente el importe \u00edntegro de los gastos de cancelaci\u00f3n ocasionados.<\/p>\n<p>9.3 Los gastos de anulaci\u00f3n antes mencionados tambi\u00e9n se aplicar\u00e1n si el n\u00famero de participantes se reduce proporcionalmente al n\u00famero de participantes inscritos inicialmente.<\/p>\n<p>9.4 El derecho del cliente a presentar pruebas de da\u00f1os inferiores no se ver\u00e1 afectado.<\/p>\n<p>9.5 En caso de aplazamiento de un evento confirmado \/ de un servicio de catering reservado, nos reservamos el derecho a cobrar una tasa de nueva reserva de hasta el 10% del importe del pedido. Esto sirve para compensar los gastos adicionales en que se incurre, as\u00ed como una posible p\u00e9rdida de ventas si la fecha que se mantiene libre no puede asignarse a otro lugar.<\/p>\n<p><strong>10. rotura y p\u00e9rdida<\/strong><br \/>A excepci\u00f3n de la comida y la bebida, el resto del equipamiento (vajilla, vasos, cubiertos, mobiliario, etc.) s\u00f3lo se proporciona de forma temporal. Salvo que sean causados por nuestros empleados o auxiliares ejecutivos, el cliente asumir\u00e1 el riesgo de mermas, roturas y da\u00f1os desde el momento de la entrega. Se reembolsar\u00e1 a Pia Y Pablo Catering el valor de reposici\u00f3n por roturas y mermas.<\/p>\n<p><strong>11. derecho de intercambio<\/strong><br \/>Pia Y Pablo Catering tiene derecho, en el marco de las disposiciones legales, a cambiar los productos indicados en la oferta por productos equivalentes, siempre que los ingredientes originales no est\u00e9n disponibles, los productos sean como m\u00ednimo equivalentes, correspondan al servicio acordado contractualmente en su nivel de calidad y estado y el cambio sea razonable.<\/p>\n<p>Disposiciones finales<\/p>\n<p><strong>12 Elecci\u00f3n de la ley aplicable y del fuero competente<\/strong><\/p>\n<p>12.1 La relaci\u00f3n contractual est\u00e1 sujeta a la legislaci\u00f3n de la Rep\u00fablica Federal de Alemania.<\/p>\n<p>13.2. Si la parte contratante es un comerciante en el sentido del C\u00f3digo de Comercio alem\u00e1n, una persona jur\u00eddica de derecho p\u00fablico o un patrimonio especial de derecho p\u00fablico, M\u00fanich ser\u00e1 la jurisdicci\u00f3n exclusiva para todos los litigios derivados de la relaci\u00f3n contractual y de su creaci\u00f3n y validez.<\/p>\n<p><strong>13. cl\u00e1usula de divisibilidad<\/strong><br \/>La nulidad de algunas disposiciones no invalidar\u00e1 el contrato en su conjunto.<\/p>\n<p>[\/et_pb_text][\/et_pb_column][\/et_pb_row][\/et_pb_section]<\/p>\n","protected":false},"excerpt":{"rendered":"<p>Catering AGB1. celebraci\u00f3n del contratoTodas las ofertas de Pia Y Pablo Catering son vinculantes hasta la fecha de validez especificada. Al realizar un pedido, el cliente acepta la oferta, que Pia Y Pablo Catering acepta al prestar el servicio. Al realizar un pedido, el cliente confirma que ha le\u00eddo las Condiciones Generales y las acepta. [&hellip;]<\/p>\n","protected":false},"author":1,"featured_media":0,"parent":0,"menu_order":0,"comment_status":"closed","ping_status":"closed","template":"","meta":{"_acf_changed":false,"_et_pb_use_builder":"on","_et_pb_old_content":"","_et_gb_content_width":"","inline_featured_image":false,"iawp_total_views":8,"footnotes":""},"class_list":["post-223414","page","type-page","status-publish","hentry"],"acf":[],"yoast_head":"<!-- This site is optimized with the Yoast SEO plugin v27.4 - https:\/\/yoast.com\/product\/yoast-seo-wordpress\/ -->\n<title>GTC - Pia y Pablo<\/title>\n<meta name=\"robots\" content=\"noindex, nofollow\" \/>\n<meta property=\"og:locale\" content=\"es_ES\" \/>\n<meta property=\"og:type\" content=\"article\" \/>\n<meta property=\"og:title\" content=\"GTC - Pia y Pablo\" \/>\n<meta property=\"og:description\" content=\"Catering AGB1. celebraci\u00f3n del contratoTodas las ofertas de Pia Y Pablo Catering son vinculantes hasta la fecha de validez especificada. Al realizar un pedido, el cliente acepta la oferta, que Pia Y Pablo Catering acepta al prestar el servicio. Al realizar un pedido, el cliente confirma que ha le\u00eddo las Condiciones Generales y las acepta. [&hellip;]\" \/>\n<meta property=\"og:url\" content=\"https:\/\/pia-y-pablo.de\/es\/gtc\/\" \/>\n<meta property=\"og:site_name\" content=\"Pia y Pablo\" \/>\n<meta property=\"article:modified_time\" content=\"2024-02-04T09:21:29+00:00\" \/>\n<meta name=\"twitter:card\" content=\"summary_large_image\" \/>\n<meta name=\"twitter:label1\" content=\"Tiempo de lectura\" \/>\n\t<meta name=\"twitter:data1\" content=\"8 minutos\" \/>\n<script type=\"application\/ld+json\" class=\"yoast-schema-graph\">{\"@context\":\"https:\\\/\\\/schema.org\",\"@graph\":[{\"@type\":\"WebPage\",\"@id\":\"https:\\\/\\\/pia-y-pablo.de\\\/es\\\/gtc\\\/\",\"url\":\"https:\\\/\\\/pia-y-pablo.de\\\/es\\\/gtc\\\/\",\"name\":\"GTC - Pia y Pablo\",\"isPartOf\":{\"@id\":\"https:\\\/\\\/pia-y-pablo.de\\\/#website\"},\"datePublished\":\"2023-06-01T16:52:14+00:00\",\"dateModified\":\"2024-02-04T09:21:29+00:00\",\"breadcrumb\":{\"@id\":\"https:\\\/\\\/pia-y-pablo.de\\\/es\\\/gtc\\\/#breadcrumb\"},\"inLanguage\":\"es\",\"potentialAction\":[{\"@type\":\"ReadAction\",\"target\":[\"https:\\\/\\\/pia-y-pablo.de\\\/es\\\/gtc\\\/\"]}]},{\"@type\":\"BreadcrumbList\",\"@id\":\"https:\\\/\\\/pia-y-pablo.de\\\/es\\\/gtc\\\/#breadcrumb\",\"itemListElement\":[{\"@type\":\"ListItem\",\"position\":1,\"name\":\"Startseite\",\"item\":\"https:\\\/\\\/pia-y-pablo.de\\\/\"},{\"@type\":\"ListItem\",\"position\":2,\"name\":\"GTC\"}]},{\"@type\":\"WebSite\",\"@id\":\"https:\\\/\\\/pia-y-pablo.de\\\/#website\",\"url\":\"https:\\\/\\\/pia-y-pablo.de\\\/\",\"name\":\"Pia y Pablo\",\"description\":\"Spanisches Catering M\u00fcnchen - Authentisch, frisch &amp; einfach lecker\",\"potentialAction\":[{\"@type\":\"SearchAction\",\"target\":{\"@type\":\"EntryPoint\",\"urlTemplate\":\"https:\\\/\\\/pia-y-pablo.de\\\/?s={search_term_string}\"},\"query-input\":{\"@type\":\"PropertyValueSpecification\",\"valueRequired\":true,\"valueName\":\"search_term_string\"}}],\"inLanguage\":\"es\"}]}<\/script>\n<!-- \/ Yoast SEO plugin. -->","yoast_head_json":{"title":"GTC - Pia y Pablo","robots":{"index":"noindex","follow":"nofollow"},"og_locale":"es_ES","og_type":"article","og_title":"GTC - Pia y Pablo","og_description":"Catering AGB1. celebraci\u00f3n del contratoTodas las ofertas de Pia Y Pablo Catering son vinculantes hasta la fecha de validez especificada. Al realizar un pedido, el cliente acepta la oferta, que Pia Y Pablo Catering acepta al prestar el servicio. Al realizar un pedido, el cliente confirma que ha le\u00eddo las Condiciones Generales y las acepta. [&hellip;]","og_url":"https:\/\/pia-y-pablo.de\/es\/gtc\/","og_site_name":"Pia y Pablo","article_modified_time":"2024-02-04T09:21:29+00:00","twitter_card":"summary_large_image","twitter_misc":{"Tiempo de lectura":"8 minutos"},"schema":{"@context":"https:\/\/schema.org","@graph":[{"@type":"WebPage","@id":"https:\/\/pia-y-pablo.de\/es\/gtc\/","url":"https:\/\/pia-y-pablo.de\/es\/gtc\/","name":"GTC - Pia y Pablo","isPartOf":{"@id":"https:\/\/pia-y-pablo.de\/#website"},"datePublished":"2023-06-01T16:52:14+00:00","dateModified":"2024-02-04T09:21:29+00:00","breadcrumb":{"@id":"https:\/\/pia-y-pablo.de\/es\/gtc\/#breadcrumb"},"inLanguage":"es","potentialAction":[{"@type":"ReadAction","target":["https:\/\/pia-y-pablo.de\/es\/gtc\/"]}]},{"@type":"BreadcrumbList","@id":"https:\/\/pia-y-pablo.de\/es\/gtc\/#breadcrumb","itemListElement":[{"@type":"ListItem","position":1,"name":"Startseite","item":"https:\/\/pia-y-pablo.de\/"},{"@type":"ListItem","position":2,"name":"GTC"}]},{"@type":"WebSite","@id":"https:\/\/pia-y-pablo.de\/#website","url":"https:\/\/pia-y-pablo.de\/","name":"Pia y Pablo","description":"Spanisches Catering M\u00fcnchen - Authentisch, frisch &amp; einfach lecker","potentialAction":[{"@type":"SearchAction","target":{"@type":"EntryPoint","urlTemplate":"https:\/\/pia-y-pablo.de\/?s={search_term_string}"},"query-input":{"@type":"PropertyValueSpecification","valueRequired":true,"valueName":"search_term_string"}}],"inLanguage":"es"}]}},"_links":{"self":[{"href":"https:\/\/pia-y-pablo.de\/es\/wp-json\/wp\/v2\/pages\/223414","targetHints":{"allow":["GET"]}}],"collection":[{"href":"https:\/\/pia-y-pablo.de\/es\/wp-json\/wp\/v2\/pages"}],"about":[{"href":"https:\/\/pia-y-pablo.de\/es\/wp-json\/wp\/v2\/types\/page"}],"author":[{"embeddable":true,"href":"https:\/\/pia-y-pablo.de\/es\/wp-json\/wp\/v2\/users\/1"}],"replies":[{"embeddable":true,"href":"https:\/\/pia-y-pablo.de\/es\/wp-json\/wp\/v2\/comments?post=223414"}],"version-history":[{"count":10,"href":"https:\/\/pia-y-pablo.de\/es\/wp-json\/wp\/v2\/pages\/223414\/revisions"}],"predecessor-version":[{"id":223428,"href":"https:\/\/pia-y-pablo.de\/es\/wp-json\/wp\/v2\/pages\/223414\/revisions\/223428"}],"wp:attachment":[{"href":"https:\/\/pia-y-pablo.de\/es\/wp-json\/wp\/v2\/media?parent=223414"}],"curies":[{"name":"wp","href":"https:\/\/api.w.org\/{rel}","templated":true}]}}